{"id":23,"date":"2016-11-03T15:43:00","date_gmt":"2016-11-03T13:43:00","guid":{"rendered":"http:\/\/senolerdener.com\/vezamandurdu\/?page_id=23"},"modified":"2020-06-27T16:04:20","modified_gmt":"2020-06-27T13:04:20","slug":"biyografi","status":"publish","type":"page","link":"https:\/\/senolerdener.com\/vezamandurdu\/biyografi\/","title":{"rendered":"B\u0130YOGRAF\u0130 \/ RESUME"},"content":{"rendered":"<p>&nbsp;<\/p>\n<p>Y\u00f6netici olarak kozmetik sekt\u00f6r\u00fcnde \u00e7al\u0131\u015fmakta.Evli\u00a0 bir o\u011ful ve \u00fc\u00e7\u00a0 k\u0131z babas\u0131d\u0131r. Karadeniz Teknik \u00dcniversitesi \u0130\u015fletme B\u00f6l\u00fcm\u00fc mezunu, y\u00f6netici ve foto\u011fraf\u00e7\u0131d\u0131r.<\/p>\n<p>Foto\u011fraf \u00e7ekmeye, ortaokul y\u0131llar\u0131nda analog d\u00f6nemde WERA marka foto\u011fraf makinesi ile ba\u015flad\u0131.<\/p>\n<p>\u0130zmir Amat\u00f6r Foto\u011fraf\u00e7\u0131lar Derne\u011fi \u0130ZAFOD ve Trabzon Foto\u011fraf Sanat\u0131 Derne\u011fi FOTOFORUM \u00fcyeliklerini s\u00fcrd\u00fcrd\u00fc. TRAFOT foto\u011fraf toplulu\u011funun kuruculu\u011funda yer alm\u0131\u015ft\u0131r. Halen Trabzon Foto\u011frafevi Derne\u011fi KURUCUSU ve \u00fcyesidir.<br \/>\nwww.fototim.org foto\u011fraf payla\u015f\u0131m sitesini 2010 y\u0131l\u0131nda kurdu ve g\u00f6n\u00fcll\u00fc olarak halen y\u00f6netmektedir.<br \/>\nFOTO\u011eRAF AKADEM\u0130S\u0130 taraf\u0131ndan s\u00fcreli yay\u0131nlanmakta olan Foto\u011fraf Notlar\u0131 adl\u0131 derginin Trabzon Temsilcili\u011fini iki y\u0131l kadar s\u00fcrd\u00fcrd\u00fc.<br \/>\nBir s\u00fcre Fotoforum Bas\u0131n Yay\u0131n Birim Liderli\u011fi ve Anadolu Foto\u011fraf Dergisi Trabzon Temsilcilik g\u00f6revlerini \u00fcstlendi.<br \/>\nAnadolu Foto\u011fraf Dergisi edit\u00f6rl\u00fck g\u00f6revini iki y\u0131l y\u00fcr\u00fctt\u00fc.<\/p>\n<p>\u00c7e\u015fitli ulusal ve uluslararas\u0131 yar\u0131\u015fmalarda dereceleri ve sergilemeleri oldu.<\/p>\n<p>\u0130lk ki\u015fisel sergisini 2010 May\u0131s\u2019\u0131nda Trabzon Sanatevi\u2019nde \u201cVe Zaman Durdu\u201d ve ikinci ki\u015fisel sergisini 2010 Kas\u0131m ay\u0131nda \u0130stanbul Foto\u011fraf Merkezinde \u201cI\u015f\u0131k S\u0131z\u201d ad\u0131yla Leica Galeri\u2019de a\u00e7t\u0131.<br \/>\nFoto\u011fraflar\u0131 \u00e7e\u015fitli karma sergilerde yer ald\u0131. Pek \u00e7ok foto\u011fraf sunumu\/g\u00f6sterisi farkl\u0131 mekanlarda izlendi.<\/p>\n<p>2011 y\u0131l\u0131ndan beri \u00f6zel olarak veya STK larda FOTO\u011eRAF E\u011fitimleri vermeye devam etmektedir. \u0130leri foto\u011fraf e\u011fitimi i\u00e7eren workshoplar\u0131 y\u00f6netti. Foto\u011fraf\u00e7\u0131lara dijital foto\u011fraf i\u015fleme program e\u011fitimleri verdi.<\/p>\n<p>Foto\u011fraf yar\u0131\u015fmalar\u0131nda J\u00dcR\u0130 \u00fcyeli\u011fi yapt\u0131. Fototim&#8217;deki g\u00f6reviyle,\u00a0 foto\u011fraf\u00e7\u0131l\u0131\u011f\u0131n ge\u015fli\u015fimine yapt\u0131\u011f\u0131 katk\u0131larla M-FOTOT\u0130M \u00fcnvan\u0131na lay\u0131k g\u00f6r\u00fcld\u00fc.<\/p>\n<p>Trabzon\u2019da t\u00fcm foto\u011fraf\u00e7\u0131lar\u0131n, foto\u011fraf derneklerinin, kul\u00fcplerin ihtiya\u00e7lar\u0131n\u0131 hedefleyerek ve Trabzon\u2019un foto\u011fraf\u00e7a bulu\u015fma noktas\u0131 olmas\u0131n\u0131 ama\u00e7lad\u0131\u011f\u0131 Trabzon FOTOGRAFEV\u0130\u2018ni 2014 y\u0131l\u0131nda kurdu.<\/p>\n<p>2016 Ekim ay\u0131nda STK olarak faaliyetlerine devam edecek olan,\u00a0 Trabzon Foto\u011frafevi Derne\u011fi&#8217;nin Kurucu \u00fcyesi oldu.<\/p>\n<p>2017 de Trabzon \u015eehir m\u00fczesine 7 adet foto\u011fraf\u0131 kabul edildi ve halen sergilenmektedir. The Route Photo Gallery Amsterdam\/Hollanda\u2019da sanat foto\u011fraflar\u0131 sergilenmekte\/sat\u0131lmaktad\u0131r.<\/p>\n<p>2019 y\u0131l\u0131nda www.lovestory.photos \u00f6zel g\u00fcn ve d\u00fc\u011f\u00fcn foto\u011fraf\u00e7\u0131l\u0131\u011f\u0131n\u0131 kurdu ve profesyonel foto\u011fraf\u00e7\u0131 olarak hizmet vermeye ba\u015flad\u0131.<\/p>\n<p>Halen Trabzon&#8217;da ya\u015f\u0131yor ve foto\u011frafa olan b\u00fcy\u00fck sevgisini payla\u015fmaya devam ediyor.<\/p>\n<p><img loading=\"lazy\" decoding=\"async\" class=\"size-medium wp-image-932 aligncenter\" src=\"https:\/\/senolerdener.com\/vezamandurdu\/wp-content\/uploads\/011-1-1-577x600.jpg\" alt=\"\" width=\"577\" height=\"600\" srcset=\"https:\/\/senolerdener.com\/vezamandurdu\/wp-content\/uploads\/011-1-1-577x600.jpg 577w, https:\/\/senolerdener.com\/vezamandurdu\/wp-content\/uploads\/011-1-1-985x1024.jpg 985w, https:\/\/senolerdener.com\/vezamandurdu\/wp-content\/uploads\/011-1-1-768x798.jpg 768w, https:\/\/senolerdener.com\/vezamandurdu\/wp-content\/uploads\/011-1-1-1478x1536.jpg 1478w, https:\/\/senolerdener.com\/vezamandurdu\/wp-content\/uploads\/011-1-1-1971x2048.jpg 1971w, https:\/\/senolerdener.com\/vezamandurdu\/wp-content\/uploads\/011-1-1-1240x1288.jpg 1240w, https:\/\/senolerdener.com\/vezamandurdu\/wp-content\/uploads\/011-1-1-508x528.jpg 508w\" sizes=\"auto, (max-width: 577px) 100vw, 577px\" \/><\/p>\n<p>&nbsp;<\/p>\n<p>\u015eenol Erdener was born in Trabzon, Turkey in 1967.<br \/>\nHe was graduated from Karadeniz Technical University, Department of Management.<br \/>\nHe is a partner and director in Muge Ltd. Co.<\/p>\n<p>So far \u015eenol Erdener held two personal photography exhibitions, one in Istanbul Leica Gallery.<\/p>\n<p>He was invited to numerous photography events and his work is awarded in international contests. In 2009, Erdener founded FOTOTIM Photography Agency and he is still a board member in the Agency.<\/p>\n<p>On 2014, he established Trabzon Photography Association and he acts as a photography teacher since then.<br \/>\nBecause of his voluntary contributions to the art of photography,<br \/>\nhe was awarded the title MFOTOTIM (Master FOTOTIM) by FOTOTIM Agency.<\/p>\n<p>In 2017, Trabzon City Museum Board decided to display some of his work in the Museum and today his photographs are a part of the permanent exhibition of the Museum.<\/p>\n<p>Art photographs are exhibited and sold at <a href=\"https:\/\/gallerytheroute.com\/\">The Route Photo Gallery<\/a> Amsterdam in the Netherlands.<\/p>\n<p>Erdener has a passion and concern for aesthetics in photography.<br \/>\nThe photography expressed for him by the words: &#8220;and the time stopped&#8221;<\/p>\n<p>&nbsp;<\/p>\n<p><img loading=\"lazy\" decoding=\"async\" class=\"size-medium wp-image-631 aligncenter\" src=\"http:\/\/senolerdener.com\/vezamandurdu\/wp-content\/uploads\/TK1_1107-11-600x433.jpg\" alt=\"\" width=\"600\" height=\"433\" srcset=\"https:\/\/senolerdener.com\/vezamandurdu\/wp-content\/uploads\/TK1_1107-11-600x433.jpg 600w, https:\/\/senolerdener.com\/vezamandurdu\/wp-content\/uploads\/TK1_1107-11-768x555.jpg 768w, https:\/\/senolerdener.com\/vezamandurdu\/wp-content\/uploads\/TK1_1107-11-1024x739.jpg 1024w, https:\/\/senolerdener.com\/vezamandurdu\/wp-content\/uploads\/TK1_1107-11-1240x895.jpg 1240w, https:\/\/senolerdener.com\/vezamandurdu\/wp-content\/uploads\/TK1_1107-11-508x367.jpg 508w, https:\/\/senolerdener.com\/vezamandurdu\/wp-content\/uploads\/TK1_1107-11.jpg 1886w\" sizes=\"auto, (max-width: 600px) 100vw, 600px\" \/><\/p>\n<p>&nbsp;<\/p>\n<p>___________________________________<\/p>\n<p>Verdi\u011fi hizmetler:<\/p>\n<div>\n<div>D\u00fc\u011f\u00fcn foto\u011fraf\u00e7\u0131l\u0131\u011f\u0131,<\/div>\n<div>D\u00fc\u011f\u00fcn hikayesi \u00e7ekimi,<\/div>\n<div>D\u00fc\u011f\u00fcn klibi \u00e7ekimi,<\/div>\n<div>Katalog \u00e7ekimi,<\/div>\n<div>Trash day \u00e7ekimi,<\/div>\n<div>Save the date \u00e7ekimi,<\/div>\n<div>Ni\u015fan \u00e7ekimi,<\/div>\n<div>Konsept \u00e7ekim<\/div>\n<div>Model \u00e7ekimi,<\/div>\n<div>St\u00fcdyo ya\u015f \u00e7ekimleri,<\/div>\n<div>Tekstil \u00fcr\u00fcn \u00e7ekimleri<\/div>\n<div>Modelli tekstil foto\u011fraf \u00e7ekimleri,<\/div>\n<div>Profesyonel Moda Foto\u011fraf\u00e7\u0131s\u0131<\/div>\n<div>Moda foto\u011fraf \u00e7ekimi,<\/div>\n<div>Reklam foto\u011fraf\u00e7\u0131l\u0131\u011f\u0131,<\/div>\n<div>D\u0131\u015f mekan foto\u011fraf\u00e7\u0131l\u0131\u011f\u0131<\/div>\n<div>Klip \u00e7ekimleri,<\/div>\n<div>Dron d\u00fc\u011f\u00fcn \u00e7ekimleri<\/div>\n<div>Profesyonel Foto\u011fraflar,\u00a0Trabzon Foto\u011fraf\u00e7\u0131,<\/div>\n<div>Trabzon D\u00fc\u011f\u00fcn Foto\u011fraf\u00e7\u0131s\u0131,<\/div>\n<div>Trabzon \u00d6zel G\u00fcn Foto\u011fraf\u00e7\u0131s\u0131<\/div>\n<div>Belgesel d\u00fc\u011f\u00fcn foto\u011fraf\u00e7\u0131s\u0131,<\/div>\n<div>Foto\u011fraf \u00c7ekimi<\/div>\n<div>Ki\u015fiye \u00f6zel foto\u011fraf \u00e7ekimi<\/div>\n<div>Ki\u015fisel foto\u011fraf \u00e7ekimi<\/div>\n<div>Cast foto\u011fraf \u00e7ekimi<\/div>\n<div>Headshot \u00e7ekimi<\/div>\n<div>D\u00fc\u011f\u00fcn sonras\u0131 foto\u011fraf \u00e7ekimi<\/div>\n<div>D\u00fc\u011f\u00fcn \u00f6ncesi foto\u011fraf \u00e7ekimi<\/div>\n<div>D\u00fc\u011f\u00fcn pozlar\u0131<\/div>\n<div>Kore d\u00fc\u011f\u00fcn foto\u011fraflar\u0131<\/div>\n<div>Nostalji foto\u011fraf \u00e7ekimi<\/div>\n<div>Profesyonel foto\u011fraf<\/div>\n<div>Reklam foto\u011fraf \u00e7ekimi<\/div>\n<div><\/div>\n<div>Foto\u011fraf\u00e7\u0131l\u0131k e\u011fitimi<\/div>\n<div>Foto\u011fraf\u00e7\u0131l\u0131k kursu<\/div>\n<div>Foto\u011fraf kursu<\/div>\n<div>Trabzon&#8217;da foto\u011fraf kursu<\/div>\n<div>Trabzon&#8217;da Foto\u011fraf\u00e7\u0131l\u0131k kursu<\/div>\n<div>Temel foto\u011fraf\u00e7\u0131l\u0131k kursu<\/div>\n<div>\u0130leri d\u00fczey foto\u011fraf kursu<\/div>\n<div>Trabzon&#8217;da photoshop kursu<\/div>\n<div>D\u00fc\u011f\u00fcn foto\u011fraf\u00e7\u0131l\u0131\u011f\u0131 kursu<\/div>\n<div>Bebek foto\u011fraf\u00e7\u0131l\u0131\u011f\u0131 kursu<\/div>\n<div>Do\u011fum foto\u011fraf\u00e7\u0131l\u0131\u011f\u0131 kursu<\/div>\n<div>Do\u011fa Foto\u011fraf\u00e7\u0131l\u0131\u011f\u0131 kursu<\/div>\n<div>\u00d6zel g\u00fcn foto\u011fraf\u00e7\u0131l\u0131\u011f\u0131 kursu<\/div>\n<div>Mesleki foto\u011fraf\u00e7\u0131l\u0131k kursu<\/div>\n<div>Online foto\u011fraf\u00e7\u0131l\u0131k kursu<\/div>\n<\/div>\n<div><\/div>\n<p>&nbsp;<\/p>\n","protected":false},"excerpt":{"rendered":"<p>&nbsp; Y\u00f6netici olarak kozmetik sekt\u00f6r\u00fcnde \u00e7al\u0131\u015fmakta.Evli\u00a0 bir o\u011ful ve \u00fc\u00e7\u00a0 k\u0131z babas\u0131d\u0131r. Karadeniz Teknik \u00dcniversitesi \u0130\u015fletme B\u00f6l\u00fcm\u00fc mezunu, y\u00f6netici ve foto\u011fraf\u00e7\u0131d\u0131r. Foto\u011fraf \u00e7ekmeye, ortaokul y\u0131llar\u0131nda analog d\u00f6nemde WERA marka foto\u011fraf makinesi ile ba\u015flad\u0131. \u0130zmir Amat\u00f6r Foto\u011fraf\u00e7\u0131lar Derne\u011fi \u0130ZAFOD ve Trabzon Foto\u011fraf Sanat\u0131 Derne\u011fi FOTOFORUM \u00fcyeliklerini s\u00fcrd\u00fcrd\u00fc. TRAFOT foto\u011fraf toplulu\u011funun kuruculu\u011funda yer alm\u0131\u015ft\u0131r. Halen Trabzon Foto\u011frafevi [&hellip;]<\/p>\n","protected":false},"author":1,"featured_media":931,"parent":0,"menu_order":0,"comment_status":"closed","ping_status":"closed","template":"","meta":{"footnotes":""},"class_list":["post-23","page","type-page","status-publish","has-post-thumbnail","hentry"],"_links":{"self":[{"href":"https:\/\/senolerdener.com\/vezamandurdu\/wp-json\/wp\/v2\/pages\/23","targetHints":{"allow":["GET"]}}],"collection":[{"href":"https:\/\/senolerdener.com\/vezamandurdu\/wp-json\/wp\/v2\/pages"}],"about":[{"href":"https:\/\/senolerdener.com\/vezamandurdu\/wp-json\/wp\/v2\/types\/page"}],"author":[{"embeddable":true,"href":"https:\/\/senolerdener.com\/vezamandurdu\/wp-json\/wp\/v2\/users\/1"}],"replies":[{"embeddable":true,"href":"https:\/\/senolerdener.com\/vezamandurdu\/wp-json\/wp\/v2\/comments?post=23"}],"version-history":[{"count":23,"href":"https:\/\/senolerdener.com\/vezamandurdu\/wp-json\/wp\/v2\/pages\/23\/revisions"}],"predecessor-version":[{"id":220,"href":"https:\/\/senolerdener.com\/vezamandurdu\/wp-json\/wp\/v2\/pages\/23\/revisions\/220"}],"wp:featuredmedia":[{"embeddable":true,"href":"https:\/\/senolerdener.com\/vezamandurdu\/wp-json\/wp\/v2\/media\/931"}],"wp:attachment":[{"href":"https:\/\/senolerdener.com\/vezamandurdu\/wp-json\/wp\/v2\/media?parent=23"}],"curies":[{"name":"wp","href":"https:\/\/api.w.org\/{rel}","templated":true}]}}